{"id":798,"date":"2018-07-02T09:47:23","date_gmt":"2018-07-02T07:47:23","guid":{"rendered":"http:\/\/kreglinger.com\/a-propos-de-nous\/history\/"},"modified":"2019-03-05T09:16:39","modified_gmt":"2019-03-05T08:16:39","slug":"histoire","status":"publish","type":"page","link":"https:\/\/www.kreglinger.com\/fr\/a-propos-de-nous\/histoire\/","title":{"rendered":"Histoire"},"content":{"rendered":"<div class=\"wpb-content-wrapper\"><p>[vc_row css_animation=\u00a0\u00bb\u00a0\u00bb row_type=\u00a0\u00bbrow\u00a0\u00bb use_row_as_full_screen_section=\u00a0\u00bbno\u00a0\u00bb type=\u00a0\u00bbgrid\u00a0\u00bb angled_section=\u00a0\u00bbno\u00a0\u00bb text_align=\u00a0\u00bbleft\u00a0\u00bb background_image_as_pattern=\u00a0\u00bbwithout_pattern\u00a0\u00bb el_class=\u00a0\u00bbpage-opener whitetext\u00a0\u00bb z_index=\u00a0\u00bb\u00a0\u00bb css=\u00a0\u00bb.vc_custom_1535720340192{background-image: url(http:\/\/kreglinger.com\/wp-content\/uploads\/2018\/07\/kreglinger_50.jpg?id=303) !important;}\u00a0\u00bb][vc_column el_class=\u00a0\u00bbpage-opener-content\u00a0\u00bb][vc_column_text]<\/p>\n<h1>\u00c0 propos de nous<\/h1>\n<p>[\/vc_column_text][\/vc_column][\/vc_row][vc_row css_animation=\u00a0\u00bb\u00a0\u00bb row_type=\u00a0\u00bbrow\u00a0\u00bb use_row_as_full_screen_section=\u00a0\u00bbno\u00a0\u00bb type=\u00a0\u00bbgrid\u00a0\u00bb angled_section=\u00a0\u00bbno\u00a0\u00bb text_align=\u00a0\u00bbleft\u00a0\u00bb background_image_as_pattern=\u00a0\u00bbwithout_pattern\u00a0\u00bb z_index=\u00a0\u00bb\u00a0\u00bb el_class=\u00a0\u00bbrw-section\u00a0\u00bb][vc_column][vc_column_text]<\/p>\n<h2>Notre histoire<\/h2>\n<p>[\/vc_column_text][vc_empty_space height=\u00a0\u00bb30px\u00a0\u00bb]    \t<div class=\"wpex-timeline-list center-tl  show-icon\" id=\"timeline-5912\" data-animations=\"fadeIn\">\r\n        \t<div class=\"wpex-loading\">\r\n                <div class=\"wpex-spinner\">\r\n                    <div class=\"rect1\"><\/div>\r\n                    <div class=\"rect2\"><\/div>\r\n                    <div class=\"rect3\"><\/div>\r\n                    <div class=\"rect4\"><\/div>\r\n                    <div class=\"rect5\"><\/div>\r\n                <\/div>\r\n            <\/div>\r\n        \t        \t            <ul class=\"wpex wpex-timeline style-center\">\r\n                <li class=\"filter-5912_2148 post-2148 wp-timeline type-wp-timeline status-publish has-post-thumbnail hentry wpex_category-histoire\" data-id=\"filter-5912_2148\">\r\n\t<div class=\" scroll-effect\">\r\n        <time class=\"wpex-timeline-time\" datetime=\"12h23 15 d\u00e9cembre 2022\">\r\n            <a href=\"https:\/\/www.kreglinger.com\/fr\/timeline\/anniversaire-2\/\" title=\"Anniversaire\">\r\n                <span class=\"info-img\"><img loading=\"lazy\" decoding=\"async\" width=\"100\" height=\"100\" src=\"https:\/\/www.kreglinger.com\/wp-content\/uploads\/2022\/12\/20220903TL-JDW_225Kreglinger-Gala_171-min-100x100.jpg\" class=\"attachment-wptl-100x100 size-wptl-100x100 wp-post-image\" alt=\"\" srcset=\"https:\/\/www.kreglinger.com\/wp-content\/uploads\/2022\/12\/20220903TL-JDW_225Kreglinger-Gala_171-min-100x100.jpg 100w, https:\/\/www.kreglinger.com\/wp-content\/uploads\/2022\/12\/20220903TL-JDW_225Kreglinger-Gala_171-min-150x150.jpg 150w, https:\/\/www.kreglinger.com\/wp-content\/uploads\/2022\/12\/20220903TL-JDW_225Kreglinger-Gala_171-min-570x570.jpg 570w, https:\/\/www.kreglinger.com\/wp-content\/uploads\/2022\/12\/20220903TL-JDW_225Kreglinger-Gala_171-min-500x500.jpg 500w, https:\/\/www.kreglinger.com\/wp-content\/uploads\/2022\/12\/20220903TL-JDW_225Kreglinger-Gala_171-min-1000x1000.jpg 1000w\" sizes=\"auto, (max-width: 100px) 100vw, 100px\" \/><\/span>            <\/a>\r\n            <span class=\"clearfix\"><\/span>\r\n                    <\/time>\r\n        <div class=\"wpex-timeline-label\">\r\n            \r\n\t\t<div class=\"wpex-content-left\">\r\n            <div class=\"wpex-leftdate\">\r\n                <span class=\"tlday\">2022<\/span>\r\n                <div>\r\n                    <span>&nbsp;<\/span>\r\n                    <span>&nbsp;<\/span>\r\n                <\/div>\r\n            <\/div>\r\n        <\/div>\r\n\t\t            <div class=\"timeline-details\">\r\n                                    <a class=\"img-left\" href=\"https:\/\/www.kreglinger.com\/fr\/timeline\/anniversaire-2\/\" title=\"Anniversaire\">\r\n                        <span class=\"info-img\"><img loading=\"lazy\" decoding=\"async\" width=\"320\" height=\"220\" src=\"https:\/\/www.kreglinger.com\/wp-content\/uploads\/2022\/12\/20220903TL-JDW_225Kreglinger-Gala_171-min-320x220.jpg\" class=\"attachment-wptl-320x220 size-wptl-320x220 wp-post-image\" alt=\"\" \/><\/span>\r\n                    <\/a>\r\n                                <h2 style=\" display:inline;\">\r\n                    <a href=\"https:\/\/www.kreglinger.com\/fr\/timeline\/anniversaire-2\/\" title=\"Anniversaire\">\r\n                        <span class=\"tlmobile-visible\">2022&nbsp;-&nbsp;<\/span>Anniversaire                    <\/a>\r\n                <\/h2>\r\n                <p>G &amp; C Kreglinger nv c\u00e9l\u00e8bre son 225\u00e8me anniversaire.                <\/p>\r\n                            <\/div>\r\n            <div class=\"clearfix\"><\/div>\r\n        <\/div>\r\n        <div class=\"wptl-readmore-center\">\r\n            <a href=\"https:\/\/www.kreglinger.com\/fr\/timeline\/anniversaire-2\/\" title=\"Anniversaire\">\r\n                Continue reading <i class=\"fa fa-long-arrow-right\" aria-hidden=\"true\"><\/i>\r\n            <\/a>\r\n        <\/div>\r\n    <\/div>\r\n    <div class=\"wpex-timeline-icon\">\r\n        <a href=\"https:\/\/www.kreglinger.com\/fr\/timeline\/anniversaire-2\/\" title=\"Anniversaire\"><i class=\"fa fa-square no-icon\"><\/i><\/a>\r\n    <\/div>\r\n            <\/li><li class=\"filter-5912_950 post-950 wp-timeline type-wp-timeline status-publish has-post-thumbnail hentry wpex_category-histoire\" data-id=\"filter-5912_950\">\r\n\t<div class=\" scroll-effect\">\r\n        <time class=\"wpex-timeline-time\" datetime=\"10h48 2 juillet 2018\">\r\n            <a href=\"https:\/\/www.kreglinger.com\/fr\/timeline\/anniversaire\/\" title=\"Anniversaire\">\r\n                <span class=\"info-img\"><img loading=\"lazy\" decoding=\"async\" width=\"100\" height=\"100\" src=\"https:\/\/www.kreglinger.com\/wp-content\/uploads\/2018\/07\/2003-Kreglinger-Rose\u0301_glass_cork-100x100.jpg\" class=\"attachment-wptl-100x100 size-wptl-100x100 wp-post-image\" alt=\"\" srcset=\"https:\/\/www.kreglinger.com\/wp-content\/uploads\/2018\/07\/2003-Kreglinger-Rose\u0301_glass_cork-100x100.jpg 100w, https:\/\/www.kreglinger.com\/wp-content\/uploads\/2018\/07\/2003-Kreglinger-Rose\u0301_glass_cork-150x150.jpg 150w, https:\/\/www.kreglinger.com\/wp-content\/uploads\/2018\/07\/2003-Kreglinger-Rose\u0301_glass_cork-570x570.jpg 570w, https:\/\/www.kreglinger.com\/wp-content\/uploads\/2018\/07\/2003-Kreglinger-Rose\u0301_glass_cork-500x500.jpg 500w, https:\/\/www.kreglinger.com\/wp-content\/uploads\/2018\/07\/2003-Kreglinger-Rose\u0301_glass_cork-1000x1000.jpg 1000w\" sizes=\"auto, (max-width: 100px) 100vw, 100px\" \/><\/span>            <\/a>\r\n            <span class=\"clearfix\"><\/span>\r\n                    <\/time>\r\n        <div class=\"wpex-timeline-label\">\r\n            \r\n\t\t<div class=\"wpex-content-left\">\r\n            <div class=\"wpex-leftdate\">\r\n                <span class=\"tlday\">2017<\/span>\r\n                <div>\r\n                    <span>&nbsp;<\/span>\r\n                    <span>&nbsp;<\/span>\r\n                <\/div>\r\n            <\/div>\r\n        <\/div>\r\n\t\t            <div class=\"timeline-details\">\r\n                                    <a class=\"img-left\" href=\"https:\/\/www.kreglinger.com\/fr\/timeline\/anniversaire\/\" title=\"Anniversaire\">\r\n                        <span class=\"info-img\"><img loading=\"lazy\" decoding=\"async\" width=\"320\" height=\"220\" src=\"https:\/\/www.kreglinger.com\/wp-content\/uploads\/2018\/07\/2003-Kreglinger-Rose\u0301_glass_cork-320x220.jpg\" class=\"attachment-wptl-320x220 size-wptl-320x220 wp-post-image\" alt=\"\" \/><\/span>\r\n                    <\/a>\r\n                                <h2 style=\" display:inline;\">\r\n                    <a href=\"https:\/\/www.kreglinger.com\/fr\/timeline\/anniversaire\/\" title=\"Anniversaire\">\r\n                        <span class=\"tlmobile-visible\">2017&nbsp;-&nbsp;<\/span>Anniversaire                    <\/a>\r\n                <\/h2>\r\n                <p>G&amp;C Kreglinger nv c\u00e9l\u00e8bre son 220\u00e8me anniversaire.                <\/p>\r\n                            <\/div>\r\n            <div class=\"clearfix\"><\/div>\r\n        <\/div>\r\n        <div class=\"wptl-readmore-center\">\r\n            <a href=\"https:\/\/www.kreglinger.com\/fr\/timeline\/anniversaire\/\" title=\"Anniversaire\">\r\n                Continue reading <i class=\"fa fa-long-arrow-right\" aria-hidden=\"true\"><\/i>\r\n            <\/a>\r\n        <\/div>\r\n    <\/div>\r\n    <div class=\"wpex-timeline-icon\">\r\n        <a href=\"https:\/\/www.kreglinger.com\/fr\/timeline\/anniversaire\/\" title=\"Anniversaire\"><i class=\"fa fa-square no-icon\"><\/i><\/a>\r\n    <\/div>\r\n            <\/li><li class=\"filter-5912_952 post-952 wp-timeline type-wp-timeline status-publish hentry wpex_category-histoire\" data-id=\"filter-5912_952\">\r\n\t<div class=\" scroll-effect\">\r\n        <time class=\"wpex-timeline-time\" datetime=\"10h48 2 juillet 2018\">\r\n            <a href=\"https:\/\/www.kreglinger.com\/fr\/timeline\/kreglinger-limited\/\" title=\"Kreglinger Limited\">\r\n                            <\/a>\r\n            <span class=\"clearfix\"><\/span>\r\n                    <\/time>\r\n        <div class=\"wpex-timeline-label\">\r\n            \r\n\t\t<div class=\"wpex-content-left\">\r\n            <div class=\"wpex-leftdate\">\r\n                <span class=\"tlday\">2017<\/span>\r\n                <div>\r\n                    <span>&nbsp;<\/span>\r\n                    <span>&nbsp;<\/span>\r\n                <\/div>\r\n            <\/div>\r\n        <\/div>\r\n\t\t            <div class=\"timeline-details\">\r\n                                <h2 style=\" display:inline;\">\r\n                    <a href=\"https:\/\/www.kreglinger.com\/fr\/timeline\/kreglinger-limited\/\" title=\"Kreglinger Limited\">\r\n                        <span class=\"tlmobile-visible\">2017&nbsp;-&nbsp;<\/span>Kreglinger Limited                    <\/a>\r\n                <\/h2>\r\n                <p>Kreglinger Limited, filiale de Kreglinger Europe au Royaume-Uni, redevient op\u00e9rationnelle sur le march\u00e9 britannique de commercialisation et de vente d\u2019ingr\u00e9dients alimentaires.                <\/p>\r\n                            <\/div>\r\n            <div class=\"clearfix\"><\/div>\r\n        <\/div>\r\n        <div class=\"wptl-readmore-center\">\r\n            <a href=\"https:\/\/www.kreglinger.com\/fr\/timeline\/kreglinger-limited\/\" title=\"Kreglinger Limited\">\r\n                Continue reading <i class=\"fa fa-long-arrow-right\" aria-hidden=\"true\"><\/i>\r\n            <\/a>\r\n        <\/div>\r\n    <\/div>\r\n    <div class=\"wpex-timeline-icon\">\r\n        <a href=\"https:\/\/www.kreglinger.com\/fr\/timeline\/kreglinger-limited\/\" title=\"Kreglinger Limited\"><i class=\"fa fa-square no-icon\"><\/i><\/a>\r\n    <\/div>\r\n            <\/li><li class=\"filter-5912_954 post-954 wp-timeline type-wp-timeline status-publish has-post-thumbnail hentry wpex_category-histoire\" data-id=\"filter-5912_954\">\r\n\t<div class=\" scroll-effect\">\r\n        <time class=\"wpex-timeline-time\" datetime=\"10h47 2 juillet 2018\">\r\n            <a href=\"https:\/\/www.kreglinger.com\/fr\/timeline\/produits-de-protection-des-cultures\/\" title=\"Produits de protection des cultures\">\r\n                <span class=\"info-img\"><img loading=\"lazy\" decoding=\"async\" width=\"100\" height=\"100\" src=\"https:\/\/www.kreglinger.com\/wp-content\/uploads\/2018\/07\/diver-1282-100x100.jpg\" class=\"attachment-wptl-100x100 size-wptl-100x100 wp-post-image\" alt=\"\" srcset=\"https:\/\/www.kreglinger.com\/wp-content\/uploads\/2018\/07\/diver-1282-100x100.jpg 100w, https:\/\/www.kreglinger.com\/wp-content\/uploads\/2018\/07\/diver-1282-150x150.jpg 150w, https:\/\/www.kreglinger.com\/wp-content\/uploads\/2018\/07\/diver-1282-570x570.jpg 570w, https:\/\/www.kreglinger.com\/wp-content\/uploads\/2018\/07\/diver-1282-500x500.jpg 500w, https:\/\/www.kreglinger.com\/wp-content\/uploads\/2018\/07\/diver-1282-1000x1000.jpg 1000w\" sizes=\"auto, (max-width: 100px) 100vw, 100px\" \/><\/span>            <\/a>\r\n            <span class=\"clearfix\"><\/span>\r\n                    <\/time>\r\n        <div class=\"wpex-timeline-label\">\r\n            \r\n\t\t<div class=\"wpex-content-left\">\r\n            <div class=\"wpex-leftdate\">\r\n                <span class=\"tlday\">2007<\/span>\r\n                <div>\r\n                    <span>&nbsp;<\/span>\r\n                    <span>&nbsp;<\/span>\r\n                <\/div>\r\n            <\/div>\r\n        <\/div>\r\n\t\t            <div class=\"timeline-details\">\r\n                                    <a class=\"img-left\" href=\"https:\/\/www.kreglinger.com\/fr\/timeline\/produits-de-protection-des-cultures\/\" title=\"Produits de protection des cultures\">\r\n                        <span class=\"info-img\"><img loading=\"lazy\" decoding=\"async\" width=\"320\" height=\"220\" src=\"https:\/\/www.kreglinger.com\/wp-content\/uploads\/2018\/07\/diver-1282-320x220.jpg\" class=\"attachment-wptl-320x220 size-wptl-320x220 wp-post-image\" alt=\"\" \/><\/span>\r\n                    <\/a>\r\n                                <h2 style=\" display:inline;\">\r\n                    <a href=\"https:\/\/www.kreglinger.com\/fr\/timeline\/produits-de-protection-des-cultures\/\" title=\"Produits de protection des cultures\">\r\n                        <span class=\"tlmobile-visible\">2007&nbsp;-&nbsp;<\/span>Produits de protection des cultures                    <\/a>\r\n                <\/h2>\r\n                <p>Kreglinger Europe nv devient actif dans le secteur \u00e9largi des produits de protection des cultures en s\u2019enregistrant dans plusieurs pays europ\u00e9ens.                <\/p>\r\n                            <\/div>\r\n            <div class=\"clearfix\"><\/div>\r\n        <\/div>\r\n        <div class=\"wptl-readmore-center\">\r\n            <a href=\"https:\/\/www.kreglinger.com\/fr\/timeline\/produits-de-protection-des-cultures\/\" title=\"Produits de protection des cultures\">\r\n                Continue reading <i class=\"fa fa-long-arrow-right\" aria-hidden=\"true\"><\/i>\r\n            <\/a>\r\n        <\/div>\r\n    <\/div>\r\n    <div class=\"wpex-timeline-icon\">\r\n        <a href=\"https:\/\/www.kreglinger.com\/fr\/timeline\/produits-de-protection-des-cultures\/\" title=\"Produits de protection des cultures\"><i class=\"fa fa-square no-icon\"><\/i><\/a>\r\n    <\/div>\r\n            <\/li><li class=\"filter-5912_956 post-956 wp-timeline type-wp-timeline status-publish hentry wpex_category-histoire\" data-id=\"filter-5912_956\">\r\n\t<div class=\" scroll-effect\">\r\n        <time class=\"wpex-timeline-time\" datetime=\"10h46 2 juillet 2018\">\r\n            <a href=\"https:\/\/www.kreglinger.com\/fr\/timeline\/cairn-international-ltd\/\" title=\"Cairn International Ltd\">\r\n                            <\/a>\r\n            <span class=\"clearfix\"><\/span>\r\n                    <\/time>\r\n        <div class=\"wpex-timeline-label\">\r\n            \r\n\t\t<div class=\"wpex-content-left\">\r\n            <div class=\"wpex-leftdate\">\r\n                <span class=\"tlday\">2004<\/span>\r\n                <div>\r\n                    <span>&nbsp;<\/span>\r\n                    <span>&nbsp;<\/span>\r\n                <\/div>\r\n            <\/div>\r\n        <\/div>\r\n\t\t            <div class=\"timeline-details\">\r\n                                <h2 style=\" display:inline;\">\r\n                    <a href=\"https:\/\/www.kreglinger.com\/fr\/timeline\/cairn-international-ltd\/\" title=\"Cairn International Ltd\">\r\n                        <span class=\"tlmobile-visible\">2004&nbsp;-&nbsp;<\/span>Cairn International Ltd                    <\/a>\r\n                <\/h2>\r\n                <p>Les activit\u00e9s de Cairn International Ltd sont enti\u00e8rement int\u00e9gr\u00e9es \u00e0 la division de produits sp\u00e9cialis\u00e9s de Kreglinger Europe nv.                <\/p>\r\n                            <\/div>\r\n            <div class=\"clearfix\"><\/div>\r\n        <\/div>\r\n        <div class=\"wptl-readmore-center\">\r\n            <a href=\"https:\/\/www.kreglinger.com\/fr\/timeline\/cairn-international-ltd\/\" title=\"Cairn International Ltd\">\r\n                Continue reading <i class=\"fa fa-long-arrow-right\" aria-hidden=\"true\"><\/i>\r\n            <\/a>\r\n        <\/div>\r\n    <\/div>\r\n    <div class=\"wpex-timeline-icon\">\r\n        <a href=\"https:\/\/www.kreglinger.com\/fr\/timeline\/cairn-international-ltd\/\" title=\"Cairn International Ltd\"><i class=\"fa fa-square no-icon\"><\/i><\/a>\r\n    <\/div>\r\n            <\/li><li class=\"filter-5912_958 post-958 wp-timeline type-wp-timeline status-publish has-post-thumbnail hentry wpex_category-histoire\" data-id=\"filter-5912_958\">\r\n\t<div class=\" scroll-effect\">\r\n        <time class=\"wpex-timeline-time\" datetime=\"10h46 2 juillet 2018\">\r\n            <a href=\"https:\/\/www.kreglinger.com\/fr\/timeline\/kreglinger-europe-nv\/\" title=\"Kreglinger Europe nv\">\r\n                <span class=\"info-img\"><img loading=\"lazy\" decoding=\"async\" width=\"100\" height=\"100\" src=\"https:\/\/www.kreglinger.com\/wp-content\/uploads\/2018\/07\/kreglinger-brabo-100x100.jpg\" class=\"attachment-wptl-100x100 size-wptl-100x100 wp-post-image\" alt=\"\" srcset=\"https:\/\/www.kreglinger.com\/wp-content\/uploads\/2018\/07\/kreglinger-brabo-100x100.jpg 100w, https:\/\/www.kreglinger.com\/wp-content\/uploads\/2018\/07\/kreglinger-brabo-150x150.jpg 150w, https:\/\/www.kreglinger.com\/wp-content\/uploads\/2018\/07\/kreglinger-brabo-570x570.jpg 570w, https:\/\/www.kreglinger.com\/wp-content\/uploads\/2018\/07\/kreglinger-brabo-500x500.jpg 500w, https:\/\/www.kreglinger.com\/wp-content\/uploads\/2018\/07\/kreglinger-brabo-1000x1000.jpg 1000w\" sizes=\"auto, (max-width: 100px) 100vw, 100px\" \/><\/span>            <\/a>\r\n            <span class=\"clearfix\"><\/span>\r\n                    <\/time>\r\n        <div class=\"wpex-timeline-label\">\r\n            \r\n\t\t<div class=\"wpex-content-left\">\r\n            <div class=\"wpex-leftdate\">\r\n                <span class=\"tlday\">2002<\/span>\r\n                <div>\r\n                    <span>&nbsp;<\/span>\r\n                    <span>&nbsp;<\/span>\r\n                <\/div>\r\n            <\/div>\r\n        <\/div>\r\n\t\t            <div class=\"timeline-details\">\r\n                                    <a class=\"img-left\" href=\"https:\/\/www.kreglinger.com\/fr\/timeline\/kreglinger-europe-nv\/\" title=\"Kreglinger Europe nv\">\r\n                        <span class=\"info-img\"><img loading=\"lazy\" decoding=\"async\" width=\"320\" height=\"220\" src=\"https:\/\/www.kreglinger.com\/wp-content\/uploads\/2018\/07\/kreglinger-brabo-320x220.jpg\" class=\"attachment-wptl-320x220 size-wptl-320x220 wp-post-image\" alt=\"\" \/><\/span>\r\n                    <\/a>\r\n                                <h2 style=\" display:inline;\">\r\n                    <a href=\"https:\/\/www.kreglinger.com\/fr\/timeline\/kreglinger-europe-nv\/\" title=\"Kreglinger Europe nv\">\r\n                        <span class=\"tlmobile-visible\">2002&nbsp;-&nbsp;<\/span>Kreglinger Europe nv                    <\/a>\r\n                <\/h2>\r\n                <p>Kreglinger Handelsmaatschappy nv devient \u00ab\u00a0Kreglinger Europe nv\u00a0\u00bb.                <\/p>\r\n                            <\/div>\r\n            <div class=\"clearfix\"><\/div>\r\n        <\/div>\r\n        <div class=\"wptl-readmore-center\">\r\n            <a href=\"https:\/\/www.kreglinger.com\/fr\/timeline\/kreglinger-europe-nv\/\" title=\"Kreglinger Europe nv\">\r\n                Continue reading <i class=\"fa fa-long-arrow-right\" aria-hidden=\"true\"><\/i>\r\n            <\/a>\r\n        <\/div>\r\n    <\/div>\r\n    <div class=\"wpex-timeline-icon\">\r\n        <a href=\"https:\/\/www.kreglinger.com\/fr\/timeline\/kreglinger-europe-nv\/\" title=\"Kreglinger Europe nv\"><i class=\"fa fa-square no-icon\"><\/i><\/a>\r\n    <\/div>\r\n            <\/li><li class=\"filter-5912_960 post-960 wp-timeline type-wp-timeline status-publish has-post-thumbnail hentry wpex_category-histoire\" data-id=\"filter-5912_960\">\r\n\t<div class=\" scroll-effect\">\r\n        <time class=\"wpex-timeline-time\" datetime=\"10h45 2 juillet 2018\">\r\n            <a href=\"https:\/\/www.kreglinger.com\/fr\/timeline\/norfolk-rise-vineyard\/\" title=\"Pipers Brooks Vineyard\">\r\n                <span class=\"info-img\"><img loading=\"lazy\" decoding=\"async\" width=\"100\" height=\"100\" src=\"https:\/\/www.kreglinger.com\/wp-content\/uploads\/2018\/07\/history2000-100x100.jpg\" class=\"attachment-wptl-100x100 size-wptl-100x100 wp-post-image\" alt=\"\" srcset=\"https:\/\/www.kreglinger.com\/wp-content\/uploads\/2018\/07\/history2000-100x100.jpg 100w, https:\/\/www.kreglinger.com\/wp-content\/uploads\/2018\/07\/history2000-150x150.jpg 150w\" sizes=\"auto, (max-width: 100px) 100vw, 100px\" \/><\/span>            <\/a>\r\n            <span class=\"clearfix\"><\/span>\r\n                    <\/time>\r\n        <div class=\"wpex-timeline-label\">\r\n            \r\n\t\t<div class=\"wpex-content-left\">\r\n            <div class=\"wpex-leftdate\">\r\n                <span class=\"tlday\">2000<\/span>\r\n                <div>\r\n                    <span>&nbsp;<\/span>\r\n                    <span>&nbsp;<\/span>\r\n                <\/div>\r\n            <\/div>\r\n        <\/div>\r\n\t\t            <div class=\"timeline-details\">\r\n                                    <a class=\"img-left\" href=\"https:\/\/www.kreglinger.com\/fr\/timeline\/norfolk-rise-vineyard\/\" title=\"Pipers Brooks Vineyard\">\r\n                        <span class=\"info-img\"><img loading=\"lazy\" decoding=\"async\" width=\"320\" height=\"220\" src=\"https:\/\/www.kreglinger.com\/wp-content\/uploads\/2018\/07\/history2000-320x220.jpg\" class=\"attachment-wptl-320x220 size-wptl-320x220 wp-post-image\" alt=\"\" \/><\/span>\r\n                    <\/a>\r\n                                <h2 style=\" display:inline;\">\r\n                    <a href=\"https:\/\/www.kreglinger.com\/fr\/timeline\/norfolk-rise-vineyard\/\" title=\"Pipers Brooks Vineyard\">\r\n                        <span class=\"tlmobile-visible\">2000&nbsp;-&nbsp;<\/span>Pipers Brooks Vineyard                    <\/a>\r\n                <\/h2>\r\n                <p>Kreglinger devient actionnaire majoritaire \u00e0 88 % de PBV Ltd, une entreprise cot\u00e9e en bourse australienne. Kreglinger se lance dans un projet de diversification avec la plantation du vignoble Pipers Brooks et la cr\u00e9ation d\u2019un domaine viticole dans le sud de l\u2019Australie.                <\/p>\r\n                            <\/div>\r\n            <div class=\"clearfix\"><\/div>\r\n        <\/div>\r\n        <div class=\"wptl-readmore-center\">\r\n            <a href=\"https:\/\/www.kreglinger.com\/fr\/timeline\/norfolk-rise-vineyard\/\" title=\"Pipers Brooks Vineyard\">\r\n                Continue reading <i class=\"fa fa-long-arrow-right\" aria-hidden=\"true\"><\/i>\r\n            <\/a>\r\n        <\/div>\r\n    <\/div>\r\n    <div class=\"wpex-timeline-icon\">\r\n        <a href=\"https:\/\/www.kreglinger.com\/fr\/timeline\/norfolk-rise-vineyard\/\" title=\"Pipers Brooks Vineyard\"><i class=\"fa fa-square no-icon\"><\/i><\/a>\r\n    <\/div>\r\n            <\/li><li class=\"filter-5912_962 post-962 wp-timeline type-wp-timeline status-publish has-post-thumbnail hentry wpex_category-histoire\" data-id=\"filter-5912_962\">\r\n\t<div class=\" scroll-effect\">\r\n        <time class=\"wpex-timeline-time\" datetime=\"10h44 2 juillet 2018\">\r\n            <a href=\"https:\/\/www.kreglinger.com\/fr\/timeline\/kreglinger-logistics\/\" title=\"Kreglinger logistics\">\r\n                <span class=\"info-img\"><img loading=\"lazy\" decoding=\"async\" width=\"100\" height=\"100\" src=\"https:\/\/www.kreglinger.com\/wp-content\/uploads\/2018\/07\/history1938-100x100.jpg\" class=\"attachment-wptl-100x100 size-wptl-100x100 wp-post-image\" alt=\"\" srcset=\"https:\/\/www.kreglinger.com\/wp-content\/uploads\/2018\/07\/history1938-100x100.jpg 100w, https:\/\/www.kreglinger.com\/wp-content\/uploads\/2018\/07\/history1938-150x150.jpg 150w\" sizes=\"auto, (max-width: 100px) 100vw, 100px\" \/><\/span>            <\/a>\r\n            <span class=\"clearfix\"><\/span>\r\n                    <\/time>\r\n        <div class=\"wpex-timeline-label\">\r\n            \r\n\t\t<div class=\"wpex-content-left\">\r\n            <div class=\"wpex-leftdate\">\r\n                <span class=\"tlday\">1938<\/span>\r\n                <div>\r\n                    <span>&nbsp;<\/span>\r\n                    <span>&nbsp;<\/span>\r\n                <\/div>\r\n            <\/div>\r\n        <\/div>\r\n\t\t            <div class=\"timeline-details\">\r\n                                    <a class=\"img-left\" href=\"https:\/\/www.kreglinger.com\/fr\/timeline\/kreglinger-logistics\/\" title=\"Kreglinger logistics\">\r\n                        <span class=\"info-img\"><img loading=\"lazy\" decoding=\"async\" width=\"320\" height=\"220\" src=\"https:\/\/www.kreglinger.com\/wp-content\/uploads\/2018\/07\/history1938-320x220.jpg\" class=\"attachment-wptl-320x220 size-wptl-320x220 wp-post-image\" alt=\"\" \/><\/span>\r\n                    <\/a>\r\n                                <h2 style=\" display:inline;\">\r\n                    <a href=\"https:\/\/www.kreglinger.com\/fr\/timeline\/kreglinger-logistics\/\" title=\"Kreglinger logistics\">\r\n                        <span class=\"tlmobile-visible\">1938&nbsp;-&nbsp;<\/span>Kreglinger logistics                    <\/a>\r\n                <\/h2>\r\n                <p>Cr\u00e9ation \u00e0 Anvers de Kregspedi s.a. Kreglinger Logistics s\u2019occupera de la r\u00e9ception, du d\u00e9douanement, du stockage et de l\u2019acheminement des marchandises, pour les filiales du groupe Kreglinger mais \u00e9galement pour des clients tiers.                <\/p>\r\n                            <\/div>\r\n            <div class=\"clearfix\"><\/div>\r\n        <\/div>\r\n        <div class=\"wptl-readmore-center\">\r\n            <a href=\"https:\/\/www.kreglinger.com\/fr\/timeline\/kreglinger-logistics\/\" title=\"Kreglinger logistics\">\r\n                Continue reading <i class=\"fa fa-long-arrow-right\" aria-hidden=\"true\"><\/i>\r\n            <\/a>\r\n        <\/div>\r\n    <\/div>\r\n    <div class=\"wpex-timeline-icon\">\r\n        <a href=\"https:\/\/www.kreglinger.com\/fr\/timeline\/kreglinger-logistics\/\" title=\"Kreglinger logistics\"><i class=\"fa fa-square no-icon\"><\/i><\/a>\r\n    <\/div>\r\n            <\/li><li class=\"filter-5912_964 post-964 wp-timeline type-wp-timeline status-publish has-post-thumbnail hentry wpex_category-histoire\" data-id=\"filter-5912_964\">\r\n\t<div class=\" scroll-effect\">\r\n        <time class=\"wpex-timeline-time\" datetime=\"10h41 2 juillet 2018\">\r\n            <a href=\"https:\/\/www.kreglinger.com\/fr\/timeline\/congo\/\" title=\"Congo\">\r\n                <span class=\"info-img\"><img loading=\"lazy\" decoding=\"async\" width=\"100\" height=\"100\" src=\"https:\/\/www.kreglinger.com\/wp-content\/uploads\/2018\/07\/history1932-100x100.jpg\" class=\"attachment-wptl-100x100 size-wptl-100x100 wp-post-image\" alt=\"\" srcset=\"https:\/\/www.kreglinger.com\/wp-content\/uploads\/2018\/07\/history1932-100x100.jpg 100w, https:\/\/www.kreglinger.com\/wp-content\/uploads\/2018\/07\/history1932-150x150.jpg 150w\" sizes=\"auto, (max-width: 100px) 100vw, 100px\" \/><\/span>            <\/a>\r\n            <span class=\"clearfix\"><\/span>\r\n                    <\/time>\r\n        <div class=\"wpex-timeline-label\">\r\n            \r\n\t\t<div class=\"wpex-content-left\">\r\n            <div class=\"wpex-leftdate\">\r\n                <span class=\"tlday\">1932<\/span>\r\n                <div>\r\n                    <span>&nbsp;<\/span>\r\n                    <span>&nbsp;<\/span>\r\n                <\/div>\r\n            <\/div>\r\n        <\/div>\r\n\t\t            <div class=\"timeline-details\">\r\n                                    <a class=\"img-left\" href=\"https:\/\/www.kreglinger.com\/fr\/timeline\/congo\/\" title=\"Congo\">\r\n                        <span class=\"info-img\"><img loading=\"lazy\" decoding=\"async\" width=\"320\" height=\"220\" src=\"https:\/\/www.kreglinger.com\/wp-content\/uploads\/2018\/07\/history1932-320x220.jpg\" class=\"attachment-wptl-320x220 size-wptl-320x220 wp-post-image\" alt=\"\" \/><\/span>\r\n                    <\/a>\r\n                                <h2 style=\" display:inline;\">\r\n                    <a href=\"https:\/\/www.kreglinger.com\/fr\/timeline\/congo\/\" title=\"Congo\">\r\n                        <span class=\"tlmobile-visible\">1932&nbsp;-&nbsp;<\/span>Congo                    <\/a>\r\n                <\/h2>\r\n                <p>La croissance de G&amp;C Kreglinger entra\u00eene la cr\u00e9ation de la Commercial Company Kreglinger, qui concentrera ses efforts sur la commercialisation de ses produits tropicaux et biens coloniaux.                <\/p>\r\n                            <\/div>\r\n            <div class=\"clearfix\"><\/div>\r\n        <\/div>\r\n        <div class=\"wptl-readmore-center\">\r\n            <a href=\"https:\/\/www.kreglinger.com\/fr\/timeline\/congo\/\" title=\"Congo\">\r\n                Continue reading <i class=\"fa fa-long-arrow-right\" aria-hidden=\"true\"><\/i>\r\n            <\/a>\r\n        <\/div>\r\n    <\/div>\r\n    <div class=\"wpex-timeline-icon\">\r\n        <a href=\"https:\/\/www.kreglinger.com\/fr\/timeline\/congo\/\" title=\"Congo\"><i class=\"fa fa-square no-icon\"><\/i><\/a>\r\n    <\/div>\r\n            <\/li><li class=\"filter-5912_967 post-967 wp-timeline type-wp-timeline status-publish has-post-thumbnail hentry wpex_category-histoire\" data-id=\"filter-5912_967\">\r\n\t<div class=\" scroll-effect\">\r\n        <time class=\"wpex-timeline-time\" datetime=\"10h40 2 juillet 2018\">\r\n            <a href=\"https:\/\/www.kreglinger.com\/fr\/timeline\/australie\/\" title=\"Australie\">\r\n                <span class=\"info-img\"><img loading=\"lazy\" decoding=\"async\" width=\"100\" height=\"100\" src=\"https:\/\/www.kreglinger.com\/wp-content\/uploads\/2018\/07\/history1893-100x100.jpg\" class=\"attachment-wptl-100x100 size-wptl-100x100 wp-post-image\" alt=\"\" srcset=\"https:\/\/www.kreglinger.com\/wp-content\/uploads\/2018\/07\/history1893-100x100.jpg 100w, https:\/\/www.kreglinger.com\/wp-content\/uploads\/2018\/07\/history1893-150x150.jpg 150w\" sizes=\"auto, (max-width: 100px) 100vw, 100px\" \/><\/span>            <\/a>\r\n            <span class=\"clearfix\"><\/span>\r\n                    <\/time>\r\n        <div class=\"wpex-timeline-label\">\r\n            \r\n\t\t<div class=\"wpex-content-left\">\r\n            <div class=\"wpex-leftdate\">\r\n                <span class=\"tlday\">1893<\/span>\r\n                <div>\r\n                    <span>&nbsp;<\/span>\r\n                    <span>&nbsp;<\/span>\r\n                <\/div>\r\n            <\/div>\r\n        <\/div>\r\n\t\t            <div class=\"timeline-details\">\r\n                                    <a class=\"img-left\" href=\"https:\/\/www.kreglinger.com\/fr\/timeline\/australie\/\" title=\"Australie\">\r\n                        <span class=\"info-img\"><img loading=\"lazy\" decoding=\"async\" width=\"320\" height=\"220\" src=\"https:\/\/www.kreglinger.com\/wp-content\/uploads\/2018\/07\/history1893-320x220.jpg\" class=\"attachment-wptl-320x220 size-wptl-320x220 wp-post-image\" alt=\"\" \/><\/span>\r\n                    <\/a>\r\n                                <h2 style=\" display:inline;\">\r\n                    <a href=\"https:\/\/www.kreglinger.com\/fr\/timeline\/australie\/\" title=\"Australie\">\r\n                        <span class=\"tlmobile-visible\">1893&nbsp;-&nbsp;<\/span>Australie                    <\/a>\r\n                <\/h2>\r\n                <p>G&amp;C Kreglinger installe son activit\u00e9 en Australie. Le commerce de laine et de peaux pousse l\u2019entreprise \u00e0 implanter des filiales dans les grands pays producteurs tels que l\u2019Australie, l\u2019Argentine et la Nouvelle-Z\u00e9lande.                <\/p>\r\n                            <\/div>\r\n            <div class=\"clearfix\"><\/div>\r\n        <\/div>\r\n        <div class=\"wptl-readmore-center\">\r\n            <a href=\"https:\/\/www.kreglinger.com\/fr\/timeline\/australie\/\" title=\"Australie\">\r\n                Continue reading <i class=\"fa fa-long-arrow-right\" aria-hidden=\"true\"><\/i>\r\n            <\/a>\r\n        <\/div>\r\n    <\/div>\r\n    <div class=\"wpex-timeline-icon\">\r\n        <a href=\"https:\/\/www.kreglinger.com\/fr\/timeline\/australie\/\" title=\"Australie\"><i class=\"fa fa-square no-icon\"><\/i><\/a>\r\n    <\/div>\r\n            <\/li><li class=\"filter-5912_969 post-969 wp-timeline type-wp-timeline status-publish has-post-thumbnail hentry wpex_category-histoire\" data-id=\"filter-5912_969\">\r\n\t<div class=\" scroll-effect\">\r\n        <time class=\"wpex-timeline-time\" datetime=\"10h40 2 juillet 2018\">\r\n            <a href=\"https:\/\/www.kreglinger.com\/fr\/timeline\/chambre-de-commerce\/\" title=\"Chambre de Commerce\">\r\n                <span class=\"info-img\"><img loading=\"lazy\" decoding=\"async\" width=\"100\" height=\"100\" src=\"https:\/\/www.kreglinger.com\/wp-content\/uploads\/2018\/07\/history1835-100x100.jpg\" class=\"attachment-wptl-100x100 size-wptl-100x100 wp-post-image\" alt=\"\" srcset=\"https:\/\/www.kreglinger.com\/wp-content\/uploads\/2018\/07\/history1835-100x100.jpg 100w, https:\/\/www.kreglinger.com\/wp-content\/uploads\/2018\/07\/history1835-150x150.jpg 150w\" sizes=\"auto, (max-width: 100px) 100vw, 100px\" \/><\/span>            <\/a>\r\n            <span class=\"clearfix\"><\/span>\r\n                    <\/time>\r\n        <div class=\"wpex-timeline-label\">\r\n            \r\n\t\t<div class=\"wpex-content-left\">\r\n            <div class=\"wpex-leftdate\">\r\n                <span class=\"tlday\">1835<\/span>\r\n                <div>\r\n                    <span>&nbsp;<\/span>\r\n                    <span>&nbsp;<\/span>\r\n                <\/div>\r\n            <\/div>\r\n        <\/div>\r\n\t\t            <div class=\"timeline-details\">\r\n                                    <a class=\"img-left\" href=\"https:\/\/www.kreglinger.com\/fr\/timeline\/chambre-de-commerce\/\" title=\"Chambre de Commerce\">\r\n                        <span class=\"info-img\"><img loading=\"lazy\" decoding=\"async\" width=\"320\" height=\"220\" src=\"https:\/\/www.kreglinger.com\/wp-content\/uploads\/2018\/07\/history1835-320x220.jpg\" class=\"attachment-wptl-320x220 size-wptl-320x220 wp-post-image\" alt=\"\" \/><\/span>\r\n                    <\/a>\r\n                                <h2 style=\" display:inline;\">\r\n                    <a href=\"https:\/\/www.kreglinger.com\/fr\/timeline\/chambre-de-commerce\/\" title=\"Chambre de Commerce\">\r\n                        <span class=\"tlmobile-visible\">1835&nbsp;-&nbsp;<\/span>Chambre de Commerce                    <\/a>\r\n                <\/h2>\r\n                <p>G&amp;C Kreglinger occupe la premi\u00e8re place du registre du commerce d\u2019Anvers. En 1802, Georges Kreglinger est l\u2019un des 15 fondateurs de l\u2019actuelle chambre de commerce d\u2019Anvers.                <\/p>\r\n                            <\/div>\r\n            <div class=\"clearfix\"><\/div>\r\n        <\/div>\r\n        <div class=\"wptl-readmore-center\">\r\n            <a href=\"https:\/\/www.kreglinger.com\/fr\/timeline\/chambre-de-commerce\/\" title=\"Chambre de Commerce\">\r\n                Continue reading <i class=\"fa fa-long-arrow-right\" aria-hidden=\"true\"><\/i>\r\n            <\/a>\r\n        <\/div>\r\n    <\/div>\r\n    <div class=\"wpex-timeline-icon\">\r\n        <a href=\"https:\/\/www.kreglinger.com\/fr\/timeline\/chambre-de-commerce\/\" title=\"Chambre de Commerce\"><i class=\"fa fa-square no-icon\"><\/i><\/a>\r\n    <\/div>\r\n            <\/li><li class=\"filter-5912_971 post-971 wp-timeline type-wp-timeline status-publish has-post-thumbnail hentry wpex_category-histoire\" data-id=\"filter-5912_971\">\r\n\t<div class=\" scroll-effect\">\r\n        <time class=\"wpex-timeline-time\" datetime=\"10h39 2 juillet 2018\">\r\n            <a href=\"https:\/\/www.kreglinger.com\/fr\/timeline\/revolution-belge\/\" title=\"R\u00e9volution Belge\">\r\n                <span class=\"info-img\"><img loading=\"lazy\" decoding=\"async\" width=\"100\" height=\"100\" src=\"https:\/\/www.kreglinger.com\/wp-content\/uploads\/2018\/07\/history1830-100x100.jpg\" class=\"attachment-wptl-100x100 size-wptl-100x100 wp-post-image\" alt=\"\" srcset=\"https:\/\/www.kreglinger.com\/wp-content\/uploads\/2018\/07\/history1830-100x100.jpg 100w, https:\/\/www.kreglinger.com\/wp-content\/uploads\/2018\/07\/history1830-150x150.jpg 150w\" sizes=\"auto, (max-width: 100px) 100vw, 100px\" \/><\/span>            <\/a>\r\n            <span class=\"clearfix\"><\/span>\r\n                    <\/time>\r\n        <div class=\"wpex-timeline-label\">\r\n            \r\n\t\t<div class=\"wpex-content-left\">\r\n            <div class=\"wpex-leftdate\">\r\n                <span class=\"tlday\">1830<\/span>\r\n                <div>\r\n                    <span>&nbsp;<\/span>\r\n                    <span>&nbsp;<\/span>\r\n                <\/div>\r\n            <\/div>\r\n        <\/div>\r\n\t\t            <div class=\"timeline-details\">\r\n                                    <a class=\"img-left\" href=\"https:\/\/www.kreglinger.com\/fr\/timeline\/revolution-belge\/\" title=\"R\u00e9volution Belge\">\r\n                        <span class=\"info-img\"><img loading=\"lazy\" decoding=\"async\" width=\"320\" height=\"220\" src=\"https:\/\/www.kreglinger.com\/wp-content\/uploads\/2018\/07\/history1830-320x220.jpg\" class=\"attachment-wptl-320x220 size-wptl-320x220 wp-post-image\" alt=\"\" \/><\/span>\r\n                    <\/a>\r\n                                <h2 style=\" display:inline;\">\r\n                    <a href=\"https:\/\/www.kreglinger.com\/fr\/timeline\/revolution-belge\/\" title=\"R\u00e9volution Belge\">\r\n                        <span class=\"tlmobile-visible\">1830&nbsp;-&nbsp;<\/span>R\u00e9volution Belge                    <\/a>\r\n                <\/h2>\r\n                <p>La r\u00e9volution belge contre le roi des Pays-Bas, Guillaume 1er, m\u00e8nera \u00e0 l&rsquo;ind\u00e9pendance et \u00e0 la cr\u00e9ation du royaume de Belgique.                <\/p>\r\n                            <\/div>\r\n            <div class=\"clearfix\"><\/div>\r\n        <\/div>\r\n        <div class=\"wptl-readmore-center\">\r\n            <a href=\"https:\/\/www.kreglinger.com\/fr\/timeline\/revolution-belge\/\" title=\"R\u00e9volution Belge\">\r\n                Continue reading <i class=\"fa fa-long-arrow-right\" aria-hidden=\"true\"><\/i>\r\n            <\/a>\r\n        <\/div>\r\n    <\/div>\r\n    <div class=\"wpex-timeline-icon\">\r\n        <a href=\"https:\/\/www.kreglinger.com\/fr\/timeline\/revolution-belge\/\" title=\"R\u00e9volution Belge\"><i class=\"fa fa-square no-icon\"><\/i><\/a>\r\n    <\/div>\r\n            <\/li><li class=\"filter-5912_973 post-973 wp-timeline type-wp-timeline status-publish has-post-thumbnail hentry wpex_category-histoire\" data-id=\"filter-5912_973\">\r\n\t<div class=\" scroll-effect\">\r\n        <time class=\"wpex-timeline-time\" datetime=\"10h28 2 juillet 2018\">\r\n            <a href=\"https:\/\/www.kreglinger.com\/fr\/timeline\/spanghien-house\/\" title=\"Spanghien House\">\r\n                <span class=\"info-img\"><img loading=\"lazy\" decoding=\"async\" width=\"100\" height=\"100\" src=\"https:\/\/www.kreglinger.com\/wp-content\/uploads\/2018\/07\/history1798-100x100.jpg\" class=\"attachment-wptl-100x100 size-wptl-100x100 wp-post-image\" alt=\"\" srcset=\"https:\/\/www.kreglinger.com\/wp-content\/uploads\/2018\/07\/history1798-100x100.jpg 100w, https:\/\/www.kreglinger.com\/wp-content\/uploads\/2018\/07\/history1798-150x150.jpg 150w\" sizes=\"auto, (max-width: 100px) 100vw, 100px\" \/><\/span>            <\/a>\r\n            <span class=\"clearfix\"><\/span>\r\n                    <\/time>\r\n        <div class=\"wpex-timeline-label\">\r\n            \r\n\t\t<div class=\"wpex-content-left\">\r\n            <div class=\"wpex-leftdate\">\r\n                <span class=\"tlday\">1798<\/span>\r\n                <div>\r\n                    <span>&nbsp;<\/span>\r\n                    <span>&nbsp;<\/span>\r\n                <\/div>\r\n            <\/div>\r\n        <\/div>\r\n\t\t            <div class=\"timeline-details\">\r\n                                    <a class=\"img-left\" href=\"https:\/\/www.kreglinger.com\/fr\/timeline\/spanghien-house\/\" title=\"Spanghien House\">\r\n                        <span class=\"info-img\"><img loading=\"lazy\" decoding=\"async\" width=\"320\" height=\"220\" src=\"https:\/\/www.kreglinger.com\/wp-content\/uploads\/2018\/07\/history1798-320x220.jpg\" class=\"attachment-wptl-320x220 size-wptl-320x220 wp-post-image\" alt=\"\" \/><\/span>\r\n                    <\/a>\r\n                                <h2 style=\" display:inline;\">\r\n                    <a href=\"https:\/\/www.kreglinger.com\/fr\/timeline\/spanghien-house\/\" title=\"Spanghien House\">\r\n                        <span class=\"tlmobile-visible\">1798&nbsp;-&nbsp;<\/span>Spanghien House                    <\/a>\r\n                <\/h2>\r\n                <p>Les fr\u00e8res Kreglinger ach\u00e8tent la Spanghien House sur la place du march\u00e9 (Grote Markt) au c\u0153ur du centre historique d\u2019Anvers lors d\u2019une vente aux ench\u00e8res organis\u00e9e sous le r\u00e8gne de Napol\u00e9on.                <\/p>\r\n                            <\/div>\r\n            <div class=\"clearfix\"><\/div>\r\n        <\/div>\r\n        <div class=\"wptl-readmore-center\">\r\n            <a href=\"https:\/\/www.kreglinger.com\/fr\/timeline\/spanghien-house\/\" title=\"Spanghien House\">\r\n                Continue reading <i class=\"fa fa-long-arrow-right\" aria-hidden=\"true\"><\/i>\r\n            <\/a>\r\n        <\/div>\r\n    <\/div>\r\n    <div class=\"wpex-timeline-icon\">\r\n        <a href=\"https:\/\/www.kreglinger.com\/fr\/timeline\/spanghien-house\/\" title=\"Spanghien House\"><i class=\"fa fa-square no-icon\"><\/i><\/a>\r\n    <\/div>\r\n            <\/li><li class=\"filter-5912_975 post-975 wp-timeline type-wp-timeline status-publish has-post-thumbnail hentry wpex_category-histoire\" data-id=\"filter-5912_975\">\r\n\t<div class=\" scroll-effect\">\r\n        <time class=\"wpex-timeline-time\" datetime=\"10h26 2 juillet 2018\">\r\n            <a href=\"https:\/\/www.kreglinger.com\/fr\/timeline\/gc-kreglinger\/\" title=\"G&#038;C Kreglinger\">\r\n                <span class=\"info-img\"><img loading=\"lazy\" decoding=\"async\" width=\"100\" height=\"100\" src=\"https:\/\/www.kreglinger.com\/wp-content\/uploads\/2018\/07\/history1797-100x100.jpg\" class=\"attachment-wptl-100x100 size-wptl-100x100 wp-post-image\" alt=\"\" srcset=\"https:\/\/www.kreglinger.com\/wp-content\/uploads\/2018\/07\/history1797-100x100.jpg 100w, https:\/\/www.kreglinger.com\/wp-content\/uploads\/2018\/07\/history1797-150x150.jpg 150w\" sizes=\"auto, (max-width: 100px) 100vw, 100px\" \/><\/span>            <\/a>\r\n            <span class=\"clearfix\"><\/span>\r\n                    <\/time>\r\n        <div class=\"wpex-timeline-label\">\r\n            \r\n\t\t<div class=\"wpex-content-left\">\r\n            <div class=\"wpex-leftdate\">\r\n                <span class=\"tlday\">1797<\/span>\r\n                <div>\r\n                    <span>&nbsp;<\/span>\r\n                    <span>&nbsp;<\/span>\r\n                <\/div>\r\n            <\/div>\r\n        <\/div>\r\n\t\t            <div class=\"timeline-details\">\r\n                                    <a class=\"img-left\" href=\"https:\/\/www.kreglinger.com\/fr\/timeline\/gc-kreglinger\/\" title=\"G&#038;C Kreglinger\">\r\n                        <span class=\"info-img\"><img loading=\"lazy\" decoding=\"async\" width=\"320\" height=\"220\" src=\"https:\/\/www.kreglinger.com\/wp-content\/uploads\/2018\/07\/history1797-320x220.jpg\" class=\"attachment-wptl-320x220 size-wptl-320x220 wp-post-image\" alt=\"\" \/><\/span>\r\n                    <\/a>\r\n                                <h2 style=\" display:inline;\">\r\n                    <a href=\"https:\/\/www.kreglinger.com\/fr\/timeline\/gc-kreglinger\/\" title=\"G&#038;C Kreglinger\">\r\n                        <span class=\"tlmobile-visible\">1797&nbsp;-&nbsp;<\/span>G&#038;C Kreglinger                    <\/a>\r\n                <\/h2>\r\n                <p>Georges et Christian Kreglinger s\u2019installent \u00e0 Anvers. \u201c\u00c9tablis depuis peu dans cette ville dont la situation avantageuse et la perspective favorable qu\u2019elle offre nous ont attir\u00e9s \u2026\u201d                <\/p>\r\n                            <\/div>\r\n            <div class=\"clearfix\"><\/div>\r\n        <\/div>\r\n        <div class=\"wptl-readmore-center\">\r\n            <a href=\"https:\/\/www.kreglinger.com\/fr\/timeline\/gc-kreglinger\/\" title=\"G&#038;C Kreglinger\">\r\n                Continue reading <i class=\"fa fa-long-arrow-right\" aria-hidden=\"true\"><\/i>\r\n            <\/a>\r\n        <\/div>\r\n    <\/div>\r\n    <div class=\"wpex-timeline-icon\">\r\n        <a href=\"https:\/\/www.kreglinger.com\/fr\/timeline\/gc-kreglinger\/\" title=\"G&#038;C Kreglinger\"><i class=\"fa fa-square no-icon\"><\/i><\/a>\r\n    <\/div>\r\n            <\/li>            <\/ul>\r\n            \r\n\t\t\t\t\t<div class=\"wpex-loadmore lbt\">\r\n\t\t\t\t\t\t<input type=\"hidden\"  name=\"id_grid\" value=\"timeline-5912\">\r\n\t\t\t\t\t\t<input type=\"hidden\"  name=\"num_page\" value=\"-9\">\r\n\t\t\t\t\t\t<input type=\"hidden\"  name=\"num_page_uu\" value=\"1\">\r\n\t\t\t\t\t\t<input type=\"hidden\"  name=\"current_page\" value=\"1\">\r\n\t\t\t\t\t\t<input type=\"hidden\"  name=\"ajax_url\" value=\"https:\/\/www.kreglinger.com\/wp-admin\/admin-ajax.php\">\r\n\t\t\t\t\t\t<input type=\"hidden\"  name=\"param_query\" value=\"{&quot;post_type&quot;:[&quot;wp-timeline&quot;],&quot;posts_per_page&quot;:&quot;-1&quot;,&quot;post_status&quot;:&quot;publish&quot;,&quot;tag&quot;:&quot;&quot;,&quot;order&quot;:&quot;&quot;,&quot;orderby&quot;:&quot;&quot;,&quot;meta_key&quot;:&quot;&quot;,&quot;ignore_sticky_posts&quot;:1,&quot;tax_query&quot;:[{&quot;taxonomy&quot;:&quot;wpex_category&quot;,&quot;field&quot;:&quot;slug&quot;,&quot;terms&quot;:[&quot;histoire&quot;]}]}\">\r\n\t\t\t\t\t\t<input type=\"hidden\" id=\"param_shortcode\" name=\"param_shortcode\" value=\"{&quot;style&quot;:&quot;modern&quot;,&quot;posts_per_page&quot;:&quot;-1&quot;,&quot;cat&quot;:&quot;histoire&quot;,&quot;end_label&quot;:&quot;Test&quot;,&quot;animations&quot;:&quot;fadeIn&quot;,&quot;posttype&quot;:&quot;wp-timeline&quot;}\">\r\n\t\t\t\t\t\t<a  href=\"javascript:void(0)\" class=\"loadmore-timeline\" data-id=\"timeline-5912\">\r\n\t\t\t\t\t\t\t<span class=\"load-tltext\">Load more<\/span><span><\/span>&nbsp;<span><\/span>&nbsp;<span><\/span>\r\n\t\t\t\t\t\t<\/a><\/div><div class=\"wpex-loadmore wpex-endlabel\"><span>Test<\/span><\/div>        <\/div>\r\n\t\t[\/vc_column][\/vc_row]<\/p>\n<\/div>","protected":false},"excerpt":{"rendered":"<p>[vc_row css_animation=\u00a0\u00bb\u00a0\u00bb row_type=\u00a0\u00bbrow\u00a0\u00bb use_row_as_full_screen_section=\u00a0\u00bbno\u00a0\u00bb type=\u00a0\u00bbgrid\u00a0\u00bb angled_section=\u00a0\u00bbno\u00a0\u00bb text_align=\u00a0\u00bbleft\u00a0\u00bb background_image_as_pattern=\u00a0\u00bbwithout_pattern\u00a0\u00bb el_class=\u00a0\u00bbpage-opener whitetext\u00a0\u00bb z_index=\u00a0\u00bb\u00a0\u00bb css=\u00a0\u00bb.vc_custom_1535720340192{background-image: url(http:\/\/kreglinger.com\/wp-content\/uploads\/2018\/07\/kreglinger_50.jpg?id=303) !important;}\u00a0\u00bb][vc_column el_class=\u00a0\u00bbpage-opener-content\u00a0\u00bb][vc_column_text] \u00c0 propos de nous [\/vc_column_text][\/vc_column][\/vc_row][vc_row css_animation=\u00a0\u00bb\u00a0\u00bb row_type=\u00a0\u00bbrow\u00a0\u00bb use_row_as_full_screen_section=\u00a0\u00bbno\u00a0\u00bb type=\u00a0\u00bbgrid\u00a0\u00bb angled_section=\u00a0\u00bbno\u00a0\u00bb text_align=\u00a0\u00bbleft\u00a0\u00bb background_image_as_pattern=\u00a0\u00bbwithout_pattern\u00a0\u00bb z_index=\u00a0\u00bb\u00a0\u00bb el_class=\u00a0\u00bbrw-section\u00a0\u00bb][vc_column][vc_column_text] Notre histoire [\/vc_column_text][vc_empty_space height=\u00a0\u00bb30px\u00a0\u00bb][\/vc_column][\/vc_row]<\/p>\n","protected":false},"author":1,"featured_media":0,"parent":782,"menu_order":0,"comment_status":"closed","ping_status":"closed","template":"full_width.php","meta":{"_acf_changed":false,"inline_featured_image":false,"footnotes":""},"class_list":["post-798","page","type-page","status-publish","hentry"],"acf":[],"_links":{"self":[{"href":"https:\/\/www.kreglinger.com\/fr\/wp-json\/wp\/v2\/pages\/798","targetHints":{"allow":["GET"]}}],"collection":[{"href":"https:\/\/www.kreglinger.com\/fr\/wp-json\/wp\/v2\/pages"}],"about":[{"href":"https:\/\/www.kreglinger.com\/fr\/wp-json\/wp\/v2\/types\/page"}],"author":[{"embeddable":true,"href":"https:\/\/www.kreglinger.com\/fr\/wp-json\/wp\/v2\/users\/1"}],"replies":[{"embeddable":true,"href":"https:\/\/www.kreglinger.com\/fr\/wp-json\/wp\/v2\/comments?post=798"}],"version-history":[{"count":3,"href":"https:\/\/www.kreglinger.com\/fr\/wp-json\/wp\/v2\/pages\/798\/revisions"}],"predecessor-version":[{"id":801,"href":"https:\/\/www.kreglinger.com\/fr\/wp-json\/wp\/v2\/pages\/798\/revisions\/801"}],"up":[{"embeddable":true,"href":"https:\/\/www.kreglinger.com\/fr\/wp-json\/wp\/v2\/pages\/782"}],"wp:attachment":[{"href":"https:\/\/www.kreglinger.com\/fr\/wp-json\/wp\/v2\/media?parent=798"}],"curies":[{"name":"wp","href":"https:\/\/api.w.org\/{rel}","templated":true}]}}